{"id":19374,"date":"2025-04-28T08:33:42","date_gmt":"2025-04-28T06:33:42","guid":{"rendered":"https:\/\/humananova.org\/?page_id=19374"},"modified":"2025-10-29T09:22:52","modified_gmt":"2025-10-29T08:22:52","slug":"novosti-i-blog","status":"publish","type":"page","link":"https:\/\/humananova.org\/en\/novosti-i-blog\/","title":{"rendered":"News and blog"},"content":{"rendered":"<div data-elementor-type=\"wp-page\" data-elementor-id=\"19374\" class=\"elementor elementor-19374\" data-elementor-post-type=\"page\">\n\t\t\t\t<div data-particle_enable=\"false\" data-particle-mobile-disabled=\"false\" class=\"elementor-element elementor-element-b54b2cf e-flex e-con-boxed e-con e-parent\" data-id=\"b54b2cf\" data-element_type=\"container\" data-settings=\"{&quot;background_background&quot;:&quot;classic&quot;}\">\n\t\t\t\t\t<div class=\"e-con-inner\">\n\t\t<div data-particle_enable=\"false\" data-particle-mobile-disabled=\"false\" class=\"elementor-element elementor-element-a6f6379 e-con-full e-flex elementor-invisible e-con e-child\" data-id=\"a6f6379\" data-element_type=\"container\" data-settings=\"{&quot;animation&quot;:&quot;fadeInUp&quot;,&quot;animation_delay&quot;:200}\">\n\t\t\t\t<div class=\"elementor-element elementor-element-0502722 elementor-widget elementor-widget-heading\" data-id=\"0502722\" data-element_type=\"widget\" data-widget_type=\"heading.default\">\n\t\t\t\t<div class=\"elementor-widget-container\">\n\t\t\t\t\t<div class=\"elementor-heading-title elementor-size-default\">News and blog<\/div>\t\t\t\t<\/div>\n\t\t\t\t<\/div>\n\t\t\t\t<\/div>\n\t\t\t\t\t<\/div>\n\t\t\t\t<\/div>\n\t\t<div data-particle_enable=\"false\" data-particle-mobile-disabled=\"false\" class=\"elementor-element elementor-element-dff5238 e-flex e-con-boxed e-con e-parent\" data-id=\"dff5238\" data-element_type=\"container\">\n\t\t\t\t\t<div class=\"e-con-inner\">\n\t\t\t\t<div class=\"elementor-element elementor-element-db5d884 elementor-widget elementor-widget-contentviews_widget_grid1\" data-id=\"db5d884\" data-element_type=\"widget\" data-widget_type=\"contentviews_widget_grid1.default\">\n\t\t\t\t<div class=\"elementor-widget-container\">\n\t\t\t\t\t<div class='pt-cv-wrapper'> <div class=\"cvp-live-filter cvp-button\" id=\"\" data-name=\"tx_category\" data-sid=\"db5d884\" data-iselementor=\"db5d884\" data-postid=\"0\"><label class=\"cvp-label\">Category<\/label><div class=\"btn\"><label><input type=\"radio\" name=\"tx_category\" value=\"\" checked><div>All<\/div><\/label><\/div><div class=\"btn\"><label><input type=\"radio\" name=\"tx_category\" value=\"adapted\" \/><div>Adapted<\/div><\/label><\/div><div class=\"btn\"><label><input type=\"radio\" name=\"tx_category\" value=\"blog\" \/><div>Blog<\/div><\/label><\/div><div class=\"btn\"><label><input type=\"radio\" name=\"tx_category\" value=\"buysoccirs\" \/><div>BuySocCirs<\/div><\/label><\/div><div class=\"btn\"><label><input type=\"radio\" name=\"tx_category\" value=\"decide\" \/><div>Decide<\/div><\/label><\/div><div class=\"btn\"><label><input type=\"radio\" name=\"tx_category\" value=\"digisoccirc\" \/><div>DigiSocCirc<\/div><\/label><\/div><div class=\"btn\"><label><input type=\"radio\" name=\"tx_category\" value=\"eco-social\" \/><div>Eco-Social<\/div><\/label><\/div><div class=\"btn\"><label><input type=\"radio\" name=\"tx_category\" value=\"edi-go\" \/><div>EDI GO<\/div><\/label><\/div><div class=\"btn\"><label><input type=\"radio\" name=\"tx_category\" value=\"lokalna-zajednica\" \/><div>Local community<\/div><\/label><\/div><div class=\"btn\"><label><input type=\"radio\" name=\"tx_category\" value=\"novosti\" \/><div>News<\/div><\/label><\/div><div class=\"btn\"><label><input type=\"radio\" name=\"tx_category\" value=\"ostalo\" \/><div>Ostalo<\/div><\/label><\/div><div class=\"btn\"><label><input type=\"radio\" name=\"tx_category\" value=\"projekti\" \/><div>Projects<\/div><\/label><\/div><div class=\"btn\"><label><input type=\"radio\" name=\"tx_category\" value=\"rzp\" \/><div>RZP<\/div><\/label><\/div><\/div><div class=\"pt-cv-view pt-cv-blockgrid iscvblock iscvelementor grid1 layout2 pt-cv-pgregular cvp-lfres\" id=\"pt-cv-view-db5d884\"><div data-id=\"pt-cv-page-1\" class=\"pt-cv-page\" data-cvc=\"1\"><div class=\"pt-cv-content-item pt-cv-1-col\"  data-pid=\"22454\"><div class=\"pt-cv-thumb-wrapper\"><a href=\"https:\/\/humananova.org\/en\/2026\/04\/22\/study-visit-of-the-employment-service-of-the-republic-of-slovenia\/\" class=\"_self pt-cv-href-thumbnail pt-cv-thumb-default\" target=\"_self\" ><img fetchpriority=\"high\" decoding=\"async\" width=\"800\" height=\"423\" src=\"https:\/\/humananova.org\/wp-content\/uploads\/2026\/04\/humana-nova-posjet-slovenskog-zavoda-za-zaposljavanje-14-04-2026-img5-1024x541.jpg\" class=\"pt-cv-thumbnail\" alt=\"Study visit of the Employment Service of the Republic of Slovenia\" srcset=\"https:\/\/humananova.org\/wp-content\/uploads\/2026\/04\/humana-nova-posjet-slovenskog-zavoda-za-zaposljavanje-14-04-2026-img5-1024x541.jpg 1024w, https:\/\/humananova.org\/wp-content\/uploads\/2026\/04\/humana-nova-posjet-slovenskog-zavoda-za-zaposljavanje-14-04-2026-img5-300x159.jpg 300w, https:\/\/humananova.org\/wp-content\/uploads\/2026\/04\/humana-nova-posjet-slovenskog-zavoda-za-zaposljavanje-14-04-2026-img5-768x406.jpg 768w, https:\/\/humananova.org\/wp-content\/uploads\/2026\/04\/humana-nova-posjet-slovenskog-zavoda-za-zaposljavanje-14-04-2026-img5-18x10.jpg 18w, https:\/\/humananova.org\/wp-content\/uploads\/2026\/04\/humana-nova-posjet-slovenskog-zavoda-za-zaposljavanje-14-04-2026-img5.jpg 1472w\" sizes=\"(max-width: 800px) 100vw, 800px\" \/><\/a><div class=\"pt-cv-taxoterm over_top_left\"><a href='https:\/\/humananova.org\/en\/category\/novosti\/' title='News' class='pt-cv-tax-novosti'>News<\/a><\/div><\/div>\n<div class=\"pt-cv-remain-wrapper\"><div class=\"pt-cv-title\"><a href=\"https:\/\/humananova.org\/en\/2026\/04\/22\/study-visit-of-the-employment-service-of-the-republic-of-slovenia\/\" class=\"_self\" target=\"_self\" >Study visit of the Employment Service of the Republic of Slovenia<\/a><\/div><div class=\"pt-cv-content\">U sklopu programa razmjene iskustava i ja\u010danja kompetencija u podru\u010dju dru\u0161tvenog poduzetni\u0161tva i uklju\u010divog zapo\u0161ljavanja, ...<\/div><div class=\"pt-cv-rmwrap\"><a href=\"https:\/\/humananova.org\/en\/2026\/04\/22\/study-visit-of-the-employment-service-of-the-republic-of-slovenia\/\" class=\"_self pt-cv-readmore btn btn-success\" target=\"_self\" >Learn more<\/a><\/div><div class=\"pt-cv-meta-fields\"><span class=\"entry-date\"> <time datetime=\"2026-04-22T10:58:04+02:00\">22\/04\/2026<\/time><\/span><\/div><\/div><\/div>\n<div class=\"pt-cv-content-item pt-cv-1-col\"  data-pid=\"22410\"><div class=\"pt-cv-thumb-wrapper\"><a href=\"https:\/\/humananova.org\/en\/2026\/04\/15\/stable-growth-in-2025-e-2-4-million-in-revenue-59-employees\/\" class=\"_self pt-cv-href-thumbnail pt-cv-thumb-default\" target=\"_self\" ><img decoding=\"async\" width=\"1024\" src=\"https:\/\/humananova.org\/wp-content\/uploads\/2026\/04\/humana-nova-skraceni-prikaz-rezultata-poslovanja-2025-en.jpg\" class=\"pt-cv-thumbnail cvp-substitute\" alt=\"Stable growth in 2025: \u20ac 2.4 million in revenue, 59 employees\" title=\"\" \/><\/a><div class=\"pt-cv-taxoterm over_top_left\"><a href='https:\/\/humananova.org\/en\/category\/novosti\/' title='News' class='pt-cv-tax-novosti'>News<\/a><\/div><\/div>\n<div class=\"pt-cv-remain-wrapper\"><div class=\"pt-cv-title\"><a href=\"https:\/\/humananova.org\/en\/2026\/04\/15\/stable-growth-in-2025-e-2-4-million-in-revenue-59-employees\/\" class=\"_self\" target=\"_self\" >Stable growth in 2025: \u20ac 2.4 million in revenue, 59 employees<\/a><\/div><div class=\"pt-cv-content\">With nearly 60 full-time employees, more than \u20ac2.4 million in revenue and 790+ tons of textile waste ...<\/div><div class=\"pt-cv-rmwrap\"><a href=\"https:\/\/humananova.org\/en\/2026\/04\/15\/stable-growth-in-2025-e-2-4-million-in-revenue-59-employees\/\" class=\"_self pt-cv-readmore btn btn-success\" target=\"_self\" >Learn more<\/a><\/div><div class=\"pt-cv-meta-fields\"><span class=\"entry-date\"> <time datetime=\"2026-04-15T16:32:53+02:00\">15\/04\/2026<\/time><\/span><\/div><\/div><\/div>\n<div class=\"pt-cv-content-item pt-cv-1-col\"  data-pid=\"22339\"><div class=\"pt-cv-thumb-wrapper\"><a href=\"https:\/\/humananova.org\/en\/2026\/04\/02\/the-15th-anniversary-of-humana-nova-founding-is-nearing\/\" class=\"_self pt-cv-href-thumbnail pt-cv-thumb-default\" target=\"_self\" ><img decoding=\"async\" width=\"800\" height=\"450\" src=\"https:\/\/humananova.org\/wp-content\/uploads\/2025\/04\/zajednicka-1024x576.jpg\" class=\"pt-cv-thumbnail\" alt=\"The 15th anniversary of Humana Nova founding is nearing\" srcset=\"https:\/\/humananova.org\/wp-content\/uploads\/2025\/04\/zajednicka-1024x576.jpg 1024w, https:\/\/humananova.org\/wp-content\/uploads\/2025\/04\/zajednicka-300x169.jpg 300w, https:\/\/humananova.org\/wp-content\/uploads\/2025\/04\/zajednicka-768x432.jpg 768w, https:\/\/humananova.org\/wp-content\/uploads\/2025\/04\/zajednicka-1536x863.jpg 1536w, https:\/\/humananova.org\/wp-content\/uploads\/2025\/04\/zajednicka.jpg 2048w\" sizes=\"(max-width: 800px) 100vw, 800px\" \/><\/a><div class=\"pt-cv-taxoterm over_top_left\"><a href='https:\/\/humananova.org\/en\/category\/novosti\/' title='News' class='pt-cv-tax-novosti'>News<\/a><\/div><\/div>\n<div class=\"pt-cv-remain-wrapper\"><div class=\"pt-cv-title\"><a href=\"https:\/\/humananova.org\/en\/2026\/04\/02\/the-15th-anniversary-of-humana-nova-founding-is-nearing\/\" class=\"_self\" target=\"_self\" >The 15th anniversary of Humana Nova founding is nearing<\/a><\/div><div class=\"pt-cv-content\">When a group of enthusiasts in \u010cakovec, Croatia, registered the social cooperative Humana Nova...<\/div><div class=\"pt-cv-rmwrap\"><a href=\"https:\/\/humananova.org\/en\/2026\/04\/02\/the-15th-anniversary-of-humana-nova-founding-is-nearing\/\" class=\"_self pt-cv-readmore btn btn-success\" target=\"_self\" >Learn more<\/a><\/div><div class=\"pt-cv-meta-fields\"><span class=\"entry-date\"> <time datetime=\"2026-04-02T13:36:39+02:00\">02\/04\/2026<\/time><\/span><\/div><\/div><\/div>\n<div class=\"pt-cv-content-item pt-cv-1-col\"  data-pid=\"22336\"><div class=\"pt-cv-thumb-wrapper\"><a href=\"https:\/\/humananova.org\/en\/2026\/04\/02\/spring-campaign-collecting-textile-in-50-schools-and-kindergartens\/\" class=\"_self pt-cv-href-thumbnail pt-cv-thumb-default\" target=\"_self\" ><img decoding=\"async\" width=\"800\" height=\"598\" src=\"https:\/\/humananova.org\/wp-content\/uploads\/2025\/05\/Pakiranje-7-scaled-1-1024x766.jpg\" class=\"pt-cv-thumbnail\" alt=\"Spring campaign: Collecting textile in 50 schools and kindergartens\u00a0\" srcset=\"https:\/\/humananova.org\/wp-content\/uploads\/2025\/05\/Pakiranje-7-scaled-1-1024x766.jpg 1024w, https:\/\/humananova.org\/wp-content\/uploads\/2025\/05\/Pakiranje-7-scaled-1-300x224.jpg 300w, https:\/\/humananova.org\/wp-content\/uploads\/2025\/05\/Pakiranje-7-scaled-1-768x575.jpg 768w, https:\/\/humananova.org\/wp-content\/uploads\/2025\/05\/Pakiranje-7-scaled-1-1536x1149.jpg 1536w, https:\/\/humananova.org\/wp-content\/uploads\/2025\/05\/Pakiranje-7-scaled-1-2048x1532.jpg 2048w, https:\/\/humananova.org\/wp-content\/uploads\/2025\/05\/Pakiranje-7-scaled-1-16x12.jpg 16w\" sizes=\"(max-width: 800px) 100vw, 800px\" \/><\/a><div class=\"pt-cv-taxoterm over_top_left\"><a href='https:\/\/humananova.org\/en\/category\/lokalna-zajednica\/' title='Local community' class='pt-cv-tax-lokalna-zajednica'>Local community<\/a><a href='https:\/\/humananova.org\/en\/category\/novosti\/' title='News' class='pt-cv-tax-novosti'>News<\/a><\/div><\/div>\n<div class=\"pt-cv-remain-wrapper\"><div class=\"pt-cv-title\"><a href=\"https:\/\/humananova.org\/en\/2026\/04\/02\/spring-campaign-collecting-textile-in-50-schools-and-kindergartens\/\" class=\"_self\" target=\"_self\" >Spring campaign: Collecting textile in 50 schools and kindergartens\u00a0<\/a><\/div><div class=\"pt-cv-content\">Some schools and kindergartens of Me\u0111imurje region have already started ...<\/div><div class=\"pt-cv-rmwrap\"><a href=\"https:\/\/humananova.org\/en\/2026\/04\/02\/spring-campaign-collecting-textile-in-50-schools-and-kindergartens\/\" class=\"_self pt-cv-readmore btn btn-success\" target=\"_self\" >Learn more<\/a><\/div><div class=\"pt-cv-meta-fields\"><span class=\"entry-date\"> <time datetime=\"2026-04-02T13:30:47+02:00\">02\/04\/2026<\/time><\/span><\/div><\/div><\/div>\n<div class=\"pt-cv-content-item pt-cv-1-col\"  data-pid=\"22332\"><div class=\"pt-cv-thumb-wrapper\"><a href=\"https:\/\/humananova.org\/en\/2026\/03\/24\/decide-final-conference-approaching\/\" class=\"_self pt-cv-href-thumbnail pt-cv-thumb-default\" target=\"_self\" ><img loading=\"lazy\" decoding=\"async\" width=\"800\" height=\"450\" src=\"https:\/\/humananova.org\/wp-content\/uploads\/2026\/04\/decide-project-conference-1024x576.jpg\" class=\"pt-cv-thumbnail\" alt=\"DECIDE Final Conference Approaching\" srcset=\"https:\/\/humananova.org\/wp-content\/uploads\/2026\/04\/decide-project-conference-1024x576.jpg 1024w, https:\/\/humananova.org\/wp-content\/uploads\/2026\/04\/decide-project-conference-300x169.jpg 300w, https:\/\/humananova.org\/wp-content\/uploads\/2026\/04\/decide-project-conference-768x432.jpg 768w, https:\/\/humananova.org\/wp-content\/uploads\/2026\/04\/decide-project-conference-18x10.jpg 18w, https:\/\/humananova.org\/wp-content\/uploads\/2026\/04\/decide-project-conference.jpg 1032w\" sizes=\"(max-width: 800px) 100vw, 800px\" \/><\/a><div class=\"pt-cv-taxoterm over_top_left\"><a href='https:\/\/humananova.org\/en\/category\/decide\/' title='Decide' class='pt-cv-tax-decide'>Decide<\/a><a href='https:\/\/humananova.org\/en\/category\/novosti\/' title='News' class='pt-cv-tax-novosti'>News<\/a><a href='https:\/\/humananova.org\/en\/category\/projekti\/' title='Projects' class='pt-cv-tax-projekti'>Projects<\/a><\/div><\/div>\n<div class=\"pt-cv-remain-wrapper\"><div class=\"pt-cv-title\"><a href=\"https:\/\/humananova.org\/en\/2026\/03\/24\/decide-final-conference-approaching\/\" class=\"_self\" target=\"_self\" >DECIDE Final Conference Approaching<\/a><\/div><div class=\"pt-cv-content\">In May, we are hosting the EU-funded DECIDE project final conference. As one of 16 partners of ...<\/div><div class=\"pt-cv-rmwrap\"><a href=\"https:\/\/humananova.org\/en\/2026\/03\/24\/decide-final-conference-approaching\/\" class=\"_self pt-cv-readmore btn btn-success\" target=\"_self\" >Learn more<\/a><\/div><div class=\"pt-cv-meta-fields\"><span class=\"entry-date\"> <time datetime=\"2026-03-24T10:14:00+01:00\">24\/03\/2026<\/time><\/span><\/div><\/div><\/div>\n<div class=\"pt-cv-content-item pt-cv-1-col\"  data-pid=\"22294\"><div class=\"pt-cv-thumb-wrapper\"><a href=\"https:\/\/humananova.org\/en\/2026\/03\/16\/maksimir-stadium-thunderous-round-of-applause-for-humana-nova-team\/\" class=\"_self pt-cv-href-thumbnail pt-cv-thumb-default\" target=\"_self\" ><img loading=\"lazy\" decoding=\"async\" width=\"800\" height=\"600\" src=\"https:\/\/humananova.org\/wp-content\/uploads\/2026\/03\/humana-nova-dinamo-zagreb-stadion-maksimir-14-03-2026-img1-1024x768.jpg\" class=\"pt-cv-thumbnail\" alt=\"Maksimir Stadium: Thunderous round of applause for Humana Nova team\" srcset=\"https:\/\/humananova.org\/wp-content\/uploads\/2026\/03\/humana-nova-dinamo-zagreb-stadion-maksimir-14-03-2026-img1-1024x768.jpg 1024w, https:\/\/humananova.org\/wp-content\/uploads\/2026\/03\/humana-nova-dinamo-zagreb-stadion-maksimir-14-03-2026-img1-300x225.jpg 300w, https:\/\/humananova.org\/wp-content\/uploads\/2026\/03\/humana-nova-dinamo-zagreb-stadion-maksimir-14-03-2026-img1-768x576.jpg 768w, https:\/\/humananova.org\/wp-content\/uploads\/2026\/03\/humana-nova-dinamo-zagreb-stadion-maksimir-14-03-2026-img1-1536x1152.jpg 1536w, https:\/\/humananova.org\/wp-content\/uploads\/2026\/03\/humana-nova-dinamo-zagreb-stadion-maksimir-14-03-2026-img1-16x12.jpg 16w, https:\/\/humananova.org\/wp-content\/uploads\/2026\/03\/humana-nova-dinamo-zagreb-stadion-maksimir-14-03-2026-img1.jpg 1600w\" sizes=\"(max-width: 800px) 100vw, 800px\" \/><\/a><div class=\"pt-cv-taxoterm over_top_left\"><a href='https:\/\/humananova.org\/en\/category\/novosti\/' title='News' class='pt-cv-tax-novosti'>News<\/a><\/div><\/div>\n<div class=\"pt-cv-remain-wrapper\"><div class=\"pt-cv-title\"><a href=\"https:\/\/humananova.org\/en\/2026\/03\/16\/maksimir-stadium-thunderous-round-of-applause-for-humana-nova-team\/\" class=\"_self\" target=\"_self\" >Maksimir Stadium: Thunderous round of applause for Humana Nova team<\/a><\/div><div class=\"pt-cv-content\">Earlier this month, eight thousand football fans at the Maksimir Stadium in Zagreb gave a thunderous round of applause ...<\/div><div class=\"pt-cv-rmwrap\"><a href=\"https:\/\/humananova.org\/en\/2026\/03\/16\/maksimir-stadium-thunderous-round-of-applause-for-humana-nova-team\/\" class=\"_self pt-cv-readmore btn btn-success\" target=\"_self\" >Learn more<\/a><\/div><div class=\"pt-cv-meta-fields\"><span class=\"entry-date\"> <time datetime=\"2026-03-16T15:06:31+01:00\">16\/03\/2026<\/time><\/span><\/div><\/div><\/div><\/div><\/div>\n<div class=\"text-left pt-cv-pagination-wrapper\"><ul class=\"pt-cv-pagination pt-cv-ajax pagination\" data-totalpages=\"57\" data-currentpage=\"1\" data-sid=\"db5d884\" data-unid=\"\" data-iselementor=\"db5d884\" data-postid=\"0\"><li class=\"active\"><a href=\"#\">1<\/a><\/li>\n\t<li ><a class=\"\" href=\"https:\/\/humananova.org\/en\/wp-json\/wp\/v2\/pages\/19374\/?_page=2\">2<\/a><\/li>\n\t<li ><a class=\"\" href=\"https:\/\/humananova.org\/en\/wp-json\/wp\/v2\/pages\/19374\/?_page=3\">3<\/a><\/li>\n\t<li ><a href=\"#\">&hellip;<\/a><\/li>\n\t<li ><a class=\"\" href=\"https:\/\/humananova.org\/en\/wp-json\/wp\/v2\/pages\/19374\/?_page=57\">57<\/a><\/li>\n\t<li ><a class=\"\" href=\"https:\/\/humananova.org\/en\/wp-json\/wp\/v2\/pages\/19374\/?_page=2\">&rsaquo;<\/a><\/li>\n\t<\/ul><img loading=\"lazy\" decoding=\"async\" width=\"15\" height=\"15\" class=\"pt-cv-spinner\" alt=\"Loading...\" src=\"data:image\/gif;base64,R0lGODlhDwAPALMPAMrKygwMDJOTkz09PZWVla+vr3p6euTk5M7OzuXl5TMzMwAAAJmZmWZmZszMzP\/\/\/yH\/C05FVFNDQVBFMi4wAwEAAAAh+QQFCgAPACwAAAAADwAPAAAEQvDJaZaZOIcV8iQK8VRX4iTYoAwZ4iCYoAjZ4RxejhVNoT+mRGP4cyF4Pp0N98sBGIBMEMOotl6YZ3S61Bmbkm4mAgAh+QQFCgAPACwAAAAADQANAAAENPDJSRSZeA418itN8QiK8BiLITVsFiyBBIoYqnoewAD4xPw9iY4XLGYSjkQR4UAUD45DLwIAIfkEBQoADwAsAAAAAA8ACQAABC\/wyVlamTi3nSdgwFNdhEJgTJoNyoB9ISYoQmdjiZPcj7EYCAeCF1gEDo4Dz2eIAAAh+QQFCgAPACwCAAAADQANAAAEM\/DJBxiYeLKdX3IJZT1FU0iIg2RNKx3OkZVnZ98ToRD4MyiDnkAh6BkNC0MvsAj0kMpHBAAh+QQFCgAPACwGAAAACQAPAAAEMDC59KpFDll73HkAA2wVY5KgiK5b0RRoI6MuzG6EQqCDMlSGheEhUAgqgUUAFRySIgAh+QQFCgAPACwCAAIADQANAAAEM\/DJKZNLND\/kkKaHc3xk+QAMYDKsiaqmZCxGVjSFFCxB1vwy2oOgIDxuucxAMTAJFAJNBAAh+QQFCgAPACwAAAYADwAJAAAEMNAs86q1yaWwwv2Ig0jUZx3OYa4XoRAfwADXoAwfo1+CIjyFRuEho60aSNYlOPxEAAAh+QQFCgAPACwAAAIADQANAAAENPA9s4y8+IUVcqaWJ4qEQozSoAzoIyhCK2NFU2SJk0hNnyEOhKR2AzAAj4Pj4GE4W0bkJQIAOw==\" \/><div class=\"clear pt-cv-clear-pagination\"><\/div><\/div> <\/div> \t\t\t\t<\/div>\n\t\t\t\t<\/div>\n\t\t\t\t<div class=\"elementor-element elementor-element-10cb704 elementor-hidden-desktop elementor-hidden-tablet elementor-hidden-mobile elementor-grid-3 elementor-grid-tablet-2 elementor-grid-mobile-1 elementor-posts--thumbnail-top elementor-card-shadow-yes elementor-posts__hover-gradient elementor-widget elementor-widget-posts\" data-id=\"10cb704\" data-element_type=\"widget\" data-settings=\"{&quot;pagination_type&quot;:&quot;numbers&quot;,&quot;cards_columns&quot;:&quot;3&quot;,&quot;cards_columns_tablet&quot;:&quot;2&quot;,&quot;cards_columns_mobile&quot;:&quot;1&quot;,&quot;cards_row_gap&quot;:{&quot;unit&quot;:&quot;px&quot;,&quot;size&quot;:35,&quot;sizes&quot;:[]},&quot;cards_row_gap_tablet&quot;:{&quot;unit&quot;:&quot;px&quot;,&quot;size&quot;:&quot;&quot;,&quot;sizes&quot;:[]},&quot;cards_row_gap_mobile&quot;:{&quot;unit&quot;:&quot;px&quot;,&quot;size&quot;:&quot;&quot;,&quot;sizes&quot;:[]}}\" data-widget_type=\"posts.cards\">\n\t\t\t\t<div class=\"elementor-widget-container\">\n\t\t\t\t\t\t\t<div class=\"elementor-posts-container elementor-posts elementor-posts--skin-cards elementor-grid\">\n\t\t\t\t<article class=\"elementor-post elementor-grid-item post-22454 post type-post status-publish format-standard has-post-thumbnail hentry category-novosti tag-kreativna-radionica-recikliranja-tekstila tag-kruzna-ekonomija tag-odrziva-tekstilna-proizvodnja tag-radna-integracija-ranjivih-skupina tag-studijski-posjet tag-zaposljavanje-osoba-iz-ranjivih-skupina\">\n\t\t\t<div class=\"elementor-post__card\">\n\t\t\t\t<a class=\"elementor-post__thumbnail__link\" href=\"https:\/\/humananova.org\/en\/2026\/04\/22\/study-visit-of-the-employment-service-of-the-republic-of-slovenia\/\" tabindex=\"-1\" ><div class=\"elementor-post__thumbnail\"><img loading=\"lazy\" decoding=\"async\" width=\"800\" height=\"423\" src=\"https:\/\/humananova.org\/wp-content\/uploads\/2026\/04\/humana-nova-posjet-slovenskog-zavoda-za-zaposljavanje-14-04-2026-img5-1024x541.jpg\" class=\"attachment-large size-large wp-image-22456\" alt=\"\" srcset=\"https:\/\/humananova.org\/wp-content\/uploads\/2026\/04\/humana-nova-posjet-slovenskog-zavoda-za-zaposljavanje-14-04-2026-img5-1024x541.jpg 1024w, https:\/\/humananova.org\/wp-content\/uploads\/2026\/04\/humana-nova-posjet-slovenskog-zavoda-za-zaposljavanje-14-04-2026-img5-300x159.jpg 300w, https:\/\/humananova.org\/wp-content\/uploads\/2026\/04\/humana-nova-posjet-slovenskog-zavoda-za-zaposljavanje-14-04-2026-img5-768x406.jpg 768w, https:\/\/humananova.org\/wp-content\/uploads\/2026\/04\/humana-nova-posjet-slovenskog-zavoda-za-zaposljavanje-14-04-2026-img5-18x10.jpg 18w, https:\/\/humananova.org\/wp-content\/uploads\/2026\/04\/humana-nova-posjet-slovenskog-zavoda-za-zaposljavanje-14-04-2026-img5.jpg 1472w\" sizes=\"(max-width: 800px) 100vw, 800px\" \/><\/div><\/a>\n\t\t\t\t<div class=\"elementor-post__badge\">News<\/div>\n\t\t\t\t<div class=\"elementor-post__text\">\n\t\t\t\t<h3 class=\"elementor-post__title\">\n\t\t\t<a href=\"https:\/\/humananova.org\/en\/2026\/04\/22\/study-visit-of-the-employment-service-of-the-republic-of-slovenia\/\" >\n\t\t\t\tStudy visit of the Employment Service of the Republic of Slovenia\t\t\t<\/a>\n\t\t<\/h3>\n\t\t\t\t<div class=\"elementor-post__excerpt\">\n\t\t\t<p>U sklopu programa razmjene iskustava i ja\u010danja kompetencija u podru\u010dju dru\u0161tvenog poduzetni\u0161tva i uklju\u010divog zapo\u0161ljavanja, Humanu Novu je pro\u0161log tjedna<\/p>\n\t\t<\/div>\n\t\t\t\t\t<div class=\"elementor-post__read-more-wrapper\">\n\t\t\n\t\t<a class=\"elementor-post__read-more\" href=\"https:\/\/humananova.org\/en\/2026\/04\/22\/study-visit-of-the-employment-service-of-the-republic-of-slovenia\/\" aria-label=\"Read more about Studijski posjet Zavoda Republike Slovenije za zapo\u0161ljavanje\" tabindex=\"-1\" >\n\t\t\tSaznajte vi\u0161e \u00bb\t\t<\/a>\n\n\t\t\t\t\t<\/div>\n\t\t\t\t<\/div>\n\t\t\t\t<div class=\"elementor-post__meta-data\">\n\t\t\t\t\t<span class=\"elementor-post-date\">\n\t\t\t22\/04\/2026\t\t<\/span>\n\t\t\t\t<\/div>\n\t\t\t\t\t<\/div>\n\t\t<\/article>\n\t\t\t\t<article class=\"elementor-post elementor-grid-item post-22410 post type-post status-publish format-standard hentry category-novosti tag-izvjestaj-o-poslovanju\">\n\t\t\t<div class=\"elementor-post__card\">\n\t\t\t\t<div class=\"elementor-post__text\">\n\t\t\t\t<h3 class=\"elementor-post__title\">\n\t\t\t<a href=\"https:\/\/humananova.org\/en\/2026\/04\/15\/stable-growth-in-2025-e-2-4-million-in-revenue-59-employees\/\" >\n\t\t\t\tStable growth in 2025: \u20ac 2.4 million in revenue, 59 employees\t\t\t<\/a>\n\t\t<\/h3>\n\t\t\t\t<div class=\"elementor-post__excerpt\">\n\t\t\t<p>Gotovo 60 zaposlenih na puno radno vrijeme, vi\u0161e od 2,4 milijuna eura prihoda i vi\u0161e od 790 tona prikupljenog otpadnog<\/p>\n\t\t<\/div>\n\t\t\t\t\t<div class=\"elementor-post__read-more-wrapper\">\n\t\t\n\t\t<a class=\"elementor-post__read-more\" href=\"https:\/\/humananova.org\/en\/2026\/04\/15\/stable-growth-in-2025-e-2-4-million-in-revenue-59-employees\/\" aria-label=\"Read more about Stabilan rast u 2025. godini: 2,4 milijuna eura prihoda i 59 zaposlenih\" tabindex=\"-1\" >\n\t\t\tSaznajte vi\u0161e \u00bb\t\t<\/a>\n\n\t\t\t\t\t<\/div>\n\t\t\t\t<\/div>\n\t\t\t\t<div class=\"elementor-post__meta-data\">\n\t\t\t\t\t<span class=\"elementor-post-date\">\n\t\t\t15\/04\/2026\t\t<\/span>\n\t\t\t\t<\/div>\n\t\t\t\t\t<\/div>\n\t\t<\/article>\n\t\t\t\t<article class=\"elementor-post elementor-grid-item post-22339 post type-post status-publish format-standard has-post-thumbnail hentry category-novosti tag-drustveno-poduzece tag-gospodarenje-tekstilnim-otpadom tag-humana-nova tag-odgovorna-proizvodnja\">\n\t\t\t<div class=\"elementor-post__card\">\n\t\t\t\t<a class=\"elementor-post__thumbnail__link\" href=\"https:\/\/humananova.org\/en\/2026\/04\/02\/the-15th-anniversary-of-humana-nova-founding-is-nearing\/\" tabindex=\"-1\" ><div class=\"elementor-post__thumbnail\"><img loading=\"lazy\" decoding=\"async\" width=\"800\" height=\"450\" src=\"https:\/\/humananova.org\/wp-content\/uploads\/2025\/04\/zajednicka-1024x576.jpg\" class=\"attachment-large size-large wp-image-652\" alt=\"\" srcset=\"https:\/\/humananova.org\/wp-content\/uploads\/2025\/04\/zajednicka-1024x576.jpg 1024w, https:\/\/humananova.org\/wp-content\/uploads\/2025\/04\/zajednicka-300x169.jpg 300w, https:\/\/humananova.org\/wp-content\/uploads\/2025\/04\/zajednicka-768x432.jpg 768w, https:\/\/humananova.org\/wp-content\/uploads\/2025\/04\/zajednicka-1536x863.jpg 1536w, https:\/\/humananova.org\/wp-content\/uploads\/2025\/04\/zajednicka.jpg 2048w\" sizes=\"(max-width: 800px) 100vw, 800px\" \/><\/div><\/a>\n\t\t\t\t<div class=\"elementor-post__badge\">News<\/div>\n\t\t\t\t<div class=\"elementor-post__text\">\n\t\t\t\t<h3 class=\"elementor-post__title\">\n\t\t\t<a href=\"https:\/\/humananova.org\/en\/2026\/04\/02\/the-15th-anniversary-of-humana-nova-founding-is-nearing\/\" >\n\t\t\t\tThe 15th anniversary of Humana Nova founding is nearing\t\t\t<\/a>\n\t\t<\/h3>\n\t\t\t\t<div class=\"elementor-post__excerpt\">\n\t\t\t<p>Kada je u travnju 2011. grupa entuzijasta iz \u010cakovca i okolice registrirala socijalnu zadrugu Humana Nova u sklopu europskog projekta<\/p>\n\t\t<\/div>\n\t\t\t\t\t<div class=\"elementor-post__read-more-wrapper\">\n\t\t\n\t\t<a class=\"elementor-post__read-more\" href=\"https:\/\/humananova.org\/en\/2026\/04\/02\/the-15th-anniversary-of-humana-nova-founding-is-nearing\/\" aria-label=\"Read more about Bli\u017ei se 15. godi\u0161njica osnivanja Humane Nove\" tabindex=\"-1\" >\n\t\t\tSaznajte vi\u0161e \u00bb\t\t<\/a>\n\n\t\t\t\t\t<\/div>\n\t\t\t\t<\/div>\n\t\t\t\t<div class=\"elementor-post__meta-data\">\n\t\t\t\t\t<span class=\"elementor-post-date\">\n\t\t\t02\/04\/2026\t\t<\/span>\n\t\t\t\t<\/div>\n\t\t\t\t\t<\/div>\n\t\t<\/article>\n\t\t\t\t<article class=\"elementor-post elementor-grid-item post-22336 post type-post status-publish format-standard has-post-thumbnail hentry category-lokalna-zajednica category-novosti tag-recikliranje-tekstila tag-sakupljanje-tekstila\">\n\t\t\t<div class=\"elementor-post__card\">\n\t\t\t\t<a class=\"elementor-post__thumbnail__link\" href=\"https:\/\/humananova.org\/en\/2026\/04\/02\/spring-campaign-collecting-textile-in-50-schools-and-kindergartens\/\" tabindex=\"-1\" ><div class=\"elementor-post__thumbnail\"><img loading=\"lazy\" decoding=\"async\" width=\"800\" height=\"598\" src=\"https:\/\/humananova.org\/wp-content\/uploads\/2025\/05\/Pakiranje-7-scaled-1-1024x766.jpg\" class=\"attachment-large size-large wp-image-20201\" alt=\"\" srcset=\"https:\/\/humananova.org\/wp-content\/uploads\/2025\/05\/Pakiranje-7-scaled-1-1024x766.jpg 1024w, https:\/\/humananova.org\/wp-content\/uploads\/2025\/05\/Pakiranje-7-scaled-1-300x224.jpg 300w, https:\/\/humananova.org\/wp-content\/uploads\/2025\/05\/Pakiranje-7-scaled-1-768x575.jpg 768w, https:\/\/humananova.org\/wp-content\/uploads\/2025\/05\/Pakiranje-7-scaled-1-1536x1149.jpg 1536w, https:\/\/humananova.org\/wp-content\/uploads\/2025\/05\/Pakiranje-7-scaled-1-2048x1532.jpg 2048w, https:\/\/humananova.org\/wp-content\/uploads\/2025\/05\/Pakiranje-7-scaled-1-16x12.jpg 16w\" sizes=\"(max-width: 800px) 100vw, 800px\" \/><\/div><\/a>\n\t\t\t\t<div class=\"elementor-post__badge\">Local community<\/div>\n\t\t\t\t<div class=\"elementor-post__text\">\n\t\t\t\t<h3 class=\"elementor-post__title\">\n\t\t\t<a href=\"https:\/\/humananova.org\/en\/2026\/04\/02\/spring-campaign-collecting-textile-in-50-schools-and-kindergartens\/\" >\n\t\t\t\tSpring campaign: Collecting textile in 50 schools and kindergartens\u00a0\t\t\t<\/a>\n\t\t<\/h3>\n\t\t\t\t<div class=\"elementor-post__excerpt\">\n\t\t\t<p>U nekim je me\u0111imurskim \u0161kolama i vrti\u0107ima ve\u0107 po\u010dela, a u drugima uskoro po\u010dinje redovita proljetna akcija prikupljanja rabljene, a<\/p>\n\t\t<\/div>\n\t\t\t\t\t<div class=\"elementor-post__read-more-wrapper\">\n\t\t\n\t\t<a class=\"elementor-post__read-more\" href=\"https:\/\/humananova.org\/en\/2026\/04\/02\/spring-campaign-collecting-textile-in-50-schools-and-kindergartens\/\" aria-label=\"Read more about Proljetna akcija sakupljanja tekstilnih vi\u0161kova u 50-ak \u0161kola i vrti\u0107a\u00a0\" tabindex=\"-1\" >\n\t\t\tSaznajte vi\u0161e \u00bb\t\t<\/a>\n\n\t\t\t\t\t<\/div>\n\t\t\t\t<\/div>\n\t\t\t\t<div class=\"elementor-post__meta-data\">\n\t\t\t\t\t<span class=\"elementor-post-date\">\n\t\t\t02\/04\/2026\t\t<\/span>\n\t\t\t\t<\/div>\n\t\t\t\t\t<\/div>\n\t\t<\/article>\n\t\t\t\t<article class=\"elementor-post elementor-grid-item post-22332 post type-post status-publish format-standard has-post-thumbnail hentry category-decide category-novosti category-projekti tag-gospodarenje-tekstilnim-otpadom tag-kruzna-ekonomija tag-projekt-decide\">\n\t\t\t<div class=\"elementor-post__card\">\n\t\t\t\t<a class=\"elementor-post__thumbnail__link\" href=\"https:\/\/humananova.org\/en\/2026\/03\/24\/decide-final-conference-approaching\/\" tabindex=\"-1\" ><div class=\"elementor-post__thumbnail\"><img loading=\"lazy\" decoding=\"async\" width=\"800\" height=\"450\" src=\"https:\/\/humananova.org\/wp-content\/uploads\/2026\/04\/decide-project-conference-1024x576.jpg\" class=\"attachment-large size-large wp-image-22333\" alt=\"\" srcset=\"https:\/\/humananova.org\/wp-content\/uploads\/2026\/04\/decide-project-conference-1024x576.jpg 1024w, https:\/\/humananova.org\/wp-content\/uploads\/2026\/04\/decide-project-conference-300x169.jpg 300w, https:\/\/humananova.org\/wp-content\/uploads\/2026\/04\/decide-project-conference-768x432.jpg 768w, https:\/\/humananova.org\/wp-content\/uploads\/2026\/04\/decide-project-conference-18x10.jpg 18w, https:\/\/humananova.org\/wp-content\/uploads\/2026\/04\/decide-project-conference.jpg 1032w\" sizes=\"(max-width: 800px) 100vw, 800px\" \/><\/div><\/a>\n\t\t\t\t<div class=\"elementor-post__badge\">Decide<\/div>\n\t\t\t\t<div class=\"elementor-post__text\">\n\t\t\t\t<h3 class=\"elementor-post__title\">\n\t\t\t<a href=\"https:\/\/humananova.org\/en\/2026\/03\/24\/decide-final-conference-approaching\/\" >\n\t\t\t\tDECIDE Final Conference Approaching\t\t\t<\/a>\n\t\t<\/h3>\n\t\t\t\t<div class=\"elementor-post__excerpt\">\n\t\t\t<p>U svibnju smo doma\u0107ini velike zavr\u0161ne konferencije europskog projekta DECIDE, u kojem smo radili na prijenosu i razvoju dobrih praksi<\/p>\n\t\t<\/div>\n\t\t\t\t\t<div class=\"elementor-post__read-more-wrapper\">\n\t\t\n\t\t<a class=\"elementor-post__read-more\" href=\"https:\/\/humananova.org\/en\/2026\/03\/24\/decide-final-conference-approaching\/\" aria-label=\"Read more about Bli\u017ei se zavr\u0161na konferencija projekta DECIDE\" tabindex=\"-1\" >\n\t\t\tSaznajte vi\u0161e \u00bb\t\t<\/a>\n\n\t\t\t\t\t<\/div>\n\t\t\t\t<\/div>\n\t\t\t\t<div class=\"elementor-post__meta-data\">\n\t\t\t\t\t<span class=\"elementor-post-date\">\n\t\t\t24\/03\/2026\t\t<\/span>\n\t\t\t\t<\/div>\n\t\t\t\t\t<\/div>\n\t\t<\/article>\n\t\t\t\t<article class=\"elementor-post elementor-grid-item post-22294 post type-post status-publish format-standard has-post-thumbnail hentry category-novosti tag-drustveno-poduzece tag-humana-nova tag-ivan-bozic tag-zaposljavanja-osoba-s-invaliditetom tag-zbrinjavanja-tekstila\">\n\t\t\t<div class=\"elementor-post__card\">\n\t\t\t\t<a class=\"elementor-post__thumbnail__link\" href=\"https:\/\/humananova.org\/en\/2026\/03\/16\/maksimir-stadium-thunderous-round-of-applause-for-humana-nova-team\/\" tabindex=\"-1\" ><div class=\"elementor-post__thumbnail\"><img loading=\"lazy\" decoding=\"async\" width=\"800\" height=\"600\" src=\"https:\/\/humananova.org\/wp-content\/uploads\/2026\/03\/humana-nova-dinamo-zagreb-stadion-maksimir-14-03-2026-img1-1024x768.jpg\" class=\"attachment-large size-large wp-image-22299\" alt=\"\" srcset=\"https:\/\/humananova.org\/wp-content\/uploads\/2026\/03\/humana-nova-dinamo-zagreb-stadion-maksimir-14-03-2026-img1-1024x768.jpg 1024w, https:\/\/humananova.org\/wp-content\/uploads\/2026\/03\/humana-nova-dinamo-zagreb-stadion-maksimir-14-03-2026-img1-300x225.jpg 300w, https:\/\/humananova.org\/wp-content\/uploads\/2026\/03\/humana-nova-dinamo-zagreb-stadion-maksimir-14-03-2026-img1-768x576.jpg 768w, https:\/\/humananova.org\/wp-content\/uploads\/2026\/03\/humana-nova-dinamo-zagreb-stadion-maksimir-14-03-2026-img1-1536x1152.jpg 1536w, https:\/\/humananova.org\/wp-content\/uploads\/2026\/03\/humana-nova-dinamo-zagreb-stadion-maksimir-14-03-2026-img1-16x12.jpg 16w, https:\/\/humananova.org\/wp-content\/uploads\/2026\/03\/humana-nova-dinamo-zagreb-stadion-maksimir-14-03-2026-img1.jpg 1600w\" sizes=\"(max-width: 800px) 100vw, 800px\" \/><\/div><\/a>\n\t\t\t\t<div class=\"elementor-post__badge\">News<\/div>\n\t\t\t\t<div class=\"elementor-post__text\">\n\t\t\t\t<h3 class=\"elementor-post__title\">\n\t\t\t<a href=\"https:\/\/humananova.org\/en\/2026\/03\/16\/maksimir-stadium-thunderous-round-of-applause-for-humana-nova-team\/\" >\n\t\t\t\tMaksimir Stadium: Thunderous round of applause for Humana Nova team\t\t\t<\/a>\n\t\t<\/h3>\n\t\t\t\t<div class=\"elementor-post__excerpt\">\n\t\t\t<p>Gotovo osam tisu\u0107a navija\u010da na stadionu Maksimir u Zagrebu gromoglasnim je pljeskom pozdravilo ekipu Humane Nove, koja je nedavno bila<\/p>\n\t\t<\/div>\n\t\t\t\t\t<div class=\"elementor-post__read-more-wrapper\">\n\t\t\n\t\t<a class=\"elementor-post__read-more\" href=\"https:\/\/humananova.org\/en\/2026\/03\/16\/maksimir-stadium-thunderous-round-of-applause-for-humana-nova-team\/\" aria-label=\"Read more about Stadion Maksimir: Gromoglasan pljesak za ekipu Humane Nove\" tabindex=\"-1\" >\n\t\t\tSaznajte vi\u0161e \u00bb\t\t<\/a>\n\n\t\t\t\t\t<\/div>\n\t\t\t\t<\/div>\n\t\t\t\t<div class=\"elementor-post__meta-data\">\n\t\t\t\t\t<span class=\"elementor-post-date\">\n\t\t\t16\/03\/2026\t\t<\/span>\n\t\t\t\t<\/div>\n\t\t\t\t\t<\/div>\n\t\t<\/article>\n\t\t\t\t<\/div>\n\t\t\n\t\t\t\t<div class=\"e-load-more-anchor\" data-page=\"1\" data-max-page=\"43\" data-next-page=\"https:\/\/humananova.org\/en\/wp-json\/wp\/v2\/pages\/19374\/page\/2\/\"><\/div>\n\t\t\t\t<nav class=\"elementor-pagination\" aria-label=\"Pagination\">\n\t\t\t<span aria-current=\"page\" class=\"page-numbers current\"><span class=\"elementor-screen-only\">Page<\/span>1<\/span>\n<a class=\"page-numbers\" href=\"https:\/\/humananova.org\/en\/wp-json\/wp\/v2\/pages\/19374\/page\/2\/\"><span class=\"elementor-screen-only\">Page<\/span>2<\/a>\n<a class=\"page-numbers\" href=\"https:\/\/humananova.org\/en\/wp-json\/wp\/v2\/pages\/19374\/page\/3\/\"><span class=\"elementor-screen-only\">Page<\/span>3<\/a>\n<span class=\"page-numbers dots\">&hellip;<\/span>\n<a class=\"page-numbers\" href=\"https:\/\/humananova.org\/en\/wp-json\/wp\/v2\/pages\/19374\/page\/43\/\"><span class=\"elementor-screen-only\">Page<\/span>43<\/a>\t\t<\/nav>\n\t\t\t\t\t\t<\/div>\n\t\t\t\t<\/div>\n\t\t\t\t\t<\/div>\n\t\t\t\t<\/div>\n\t\t\t\t<\/div>","protected":false},"excerpt":{"rendered":"<p>Novosti i blog CategorySveAdaptedBlogBuySocCirsDecideDigiSocCircEco-SocialEDI GOLokalna zajednicaNovostiOstaloProjektiRZPDecideNovostiProjekti Poslovni modeli za odr\u017eivu budu\u0107nost \u2013 Uspje\u0161no odr\u017eana prva DECIDE radionica u HrvatskojPartneri projekta DECIDE iz Hrvatske okupili su sudionike iz regionalnih institucija, razvojnih agencija, organizacija civilnog &#8230;Saznajte vi\u0161e 21\/10\/2025 Adapted Zavr\u0161na konferencija projekta AdaptED u BeograduHumana Nova sudjelovala je na zavr\u0161noj konferenciji projekta \u201ePutevi inkluzivnog u\u010denja: prilagodba programa [&hellip;]<\/p>\n","protected":false},"author":1,"featured_media":0,"parent":0,"menu_order":0,"comment_status":"closed","ping_status":"closed","template":"elementor_header_footer","meta":{"footnotes":""},"class_list":["post-19374","page","type-page","status-publish","hentry"],"yoast_head":"<!-- This site is optimized with the Yoast SEO plugin v27.5 - https:\/\/yoast.com\/product\/yoast-seo-wordpress\/ -->\n<title>Novosti i blog - Humana Nova<\/title>\n<meta name=\"description\" content=\"Pratite novosti i blog Humane Nove za informacije o dru\u0161tvenom poduzetni\u0161tvu, odr\u017eivosti, kru\u017enoj ekonomiji i dru\u0161tvenoj inkluziji.\" \/>\n<meta name=\"robots\" content=\"index, follow, max-snippet:-1, max-image-preview:large, max-video-preview:-1\" \/>\n<link rel=\"canonical\" href=\"https:\/\/humananova.org\/en\/novosti-i-blog\/\" \/>\n<meta property=\"og:locale\" content=\"en_US\" \/>\n<meta property=\"og:type\" content=\"article\" \/>\n<meta property=\"og:title\" content=\"Novosti i blog - Humana Nova\" \/>\n<meta property=\"og:description\" content=\"Pratite novosti i blog Humane Nove za informacije o dru\u0161tvenom poduzetni\u0161tvu, odr\u017eivosti, kru\u017enoj ekonomiji i dru\u0161tvenoj inkluziji.\" \/>\n<meta property=\"og:url\" content=\"https:\/\/humananova.org\/en\/novosti-i-blog\/\" \/>\n<meta property=\"og:site_name\" content=\"Humana Nova\" \/>\n<meta property=\"article:publisher\" content=\"https:\/\/www.facebook.com\/humana.nova\/?locale=hr_HR\" \/>\n<meta property=\"article:modified_time\" content=\"2025-10-29T08:22:52+00:00\" \/>\n<meta property=\"og:image\" content=\"https:\/\/humananova.org\/wp-content\/uploads\/2025\/10\/564636498_1232597465574443_5155877245320022056_n.jpg\" \/>\n\t<meta property=\"og:image:width\" content=\"2048\" \/>\n\t<meta property=\"og:image:height\" content=\"1153\" \/>\n\t<meta property=\"og:image:type\" content=\"image\/jpeg\" \/>\n<meta name=\"twitter:card\" content=\"summary_large_image\" \/>\n<meta name=\"twitter:label1\" content=\"Est. reading time\" \/>\n\t<meta name=\"twitter:data1\" content=\"8 minutes\" \/>\n<script type=\"application\/ld+json\" class=\"yoast-schema-graph\">{\"@context\":\"https:\\\/\\\/schema.org\",\"@graph\":[{\"@type\":\"WebPage\",\"@id\":\"https:\\\/\\\/humananova.org\\\/novosti-i-blog\\\/\",\"url\":\"https:\\\/\\\/humananova.org\\\/novosti-i-blog\\\/\",\"name\":\"Novosti i blog - Humana Nova\",\"isPartOf\":{\"@id\":\"https:\\\/\\\/humananova.org\\\/#website\"},\"primaryImageOfPage\":{\"@id\":\"https:\\\/\\\/humananova.org\\\/novosti-i-blog\\\/#primaryimage\"},\"image\":{\"@id\":\"https:\\\/\\\/humananova.org\\\/novosti-i-blog\\\/#primaryimage\"},\"thumbnailUrl\":\"https:\\\/\\\/humananova.org\\\/wp-content\\\/uploads\\\/2025\\\/10\\\/564636498_1232597465574443_5155877245320022056_n-1024x577.jpg\",\"datePublished\":\"2025-04-28T06:33:42+00:00\",\"dateModified\":\"2025-10-29T08:22:52+00:00\",\"description\":\"Pratite novosti i blog Humane Nove za informacije o dru\u0161tvenom poduzetni\u0161tvu, odr\u017eivosti, kru\u017enoj ekonomiji i dru\u0161tvenoj inkluziji.\",\"breadcrumb\":{\"@id\":\"https:\\\/\\\/humananova.org\\\/novosti-i-blog\\\/#breadcrumb\"},\"inLanguage\":\"en-US\",\"potentialAction\":[{\"@type\":\"ReadAction\",\"target\":[\"https:\\\/\\\/humananova.org\\\/novosti-i-blog\\\/\"]}]},{\"@type\":\"ImageObject\",\"inLanguage\":\"en-US\",\"@id\":\"https:\\\/\\\/humananova.org\\\/novosti-i-blog\\\/#primaryimage\",\"url\":\"https:\\\/\\\/humananova.org\\\/wp-content\\\/uploads\\\/2025\\\/10\\\/564636498_1232597465574443_5155877245320022056_n-1024x577.jpg\",\"contentUrl\":\"https:\\\/\\\/humananova.org\\\/wp-content\\\/uploads\\\/2025\\\/10\\\/564636498_1232597465574443_5155877245320022056_n-1024x577.jpg\"},{\"@type\":\"BreadcrumbList\",\"@id\":\"https:\\\/\\\/humananova.org\\\/novosti-i-blog\\\/#breadcrumb\",\"itemListElement\":[{\"@type\":\"ListItem\",\"position\":1,\"name\":\"Po\u010detna stranica\",\"item\":\"https:\\\/\\\/humananova.org\\\/\"},{\"@type\":\"ListItem\",\"position\":2,\"name\":\"Novosti i blog\"}]},{\"@type\":\"WebSite\",\"@id\":\"https:\\\/\\\/humananova.org\\\/#website\",\"url\":\"https:\\\/\\\/humananova.org\\\/\",\"name\":\"Humananova\",\"description\":\"\",\"publisher\":{\"@id\":\"https:\\\/\\\/humananova.org\\\/#organization\"},\"potentialAction\":[{\"@type\":\"SearchAction\",\"target\":{\"@type\":\"EntryPoint\",\"urlTemplate\":\"https:\\\/\\\/humananova.org\\\/?s={search_term_string}\"},\"query-input\":{\"@type\":\"PropertyValueSpecification\",\"valueRequired\":true,\"valueName\":\"search_term_string\"}}],\"inLanguage\":\"en-US\"},{\"@type\":\"Organization\",\"@id\":\"https:\\\/\\\/humananova.org\\\/#organization\",\"name\":\"Humananova\",\"url\":\"https:\\\/\\\/humananova.org\\\/\",\"logo\":{\"@type\":\"ImageObject\",\"inLanguage\":\"en-US\",\"@id\":\"https:\\\/\\\/humananova.org\\\/#\\\/schema\\\/logo\\\/image\\\/\",\"url\":\"https:\\\/\\\/humananova.org\\\/wp-content\\\/uploads\\\/2024\\\/01\\\/logo.png\",\"contentUrl\":\"https:\\\/\\\/humananova.org\\\/wp-content\\\/uploads\\\/2024\\\/01\\\/logo.png\",\"width\":609,\"height\":81,\"caption\":\"Humananova\"},\"image\":{\"@id\":\"https:\\\/\\\/humananova.org\\\/#\\\/schema\\\/logo\\\/image\\\/\"},\"sameAs\":[\"https:\\\/\\\/www.facebook.com\\\/humana.nova\\\/?locale=hr_HR\",\"https:\\\/\\\/www.instagram.com\\\/humananova\\\/\"]}]}<\/script>\n<!-- \/ Yoast SEO plugin. -->","yoast_head_json":{"title":"Novosti i blog - Humana Nova","description":"Follow Humana Nova's news and blog for updates on social entrepreneurship, sustainability, circular economy, and social inclusion.","robots":{"index":"index","follow":"follow","max-snippet":"max-snippet:-1","max-image-preview":"max-image-preview:large","max-video-preview":"max-video-preview:-1"},"canonical":"https:\/\/humananova.org\/en\/novosti-i-blog\/","og_locale":"en_US","og_type":"article","og_title":"Novosti i blog - Humana Nova","og_description":"Pratite novosti i blog Humane Nove za informacije o dru\u0161tvenom poduzetni\u0161tvu, odr\u017eivosti, kru\u017enoj ekonomiji i dru\u0161tvenoj inkluziji.","og_url":"https:\/\/humananova.org\/en\/novosti-i-blog\/","og_site_name":"Humana Nova","article_publisher":"https:\/\/www.facebook.com\/humana.nova\/?locale=hr_HR","article_modified_time":"2025-10-29T08:22:52+00:00","og_image":[{"width":2048,"height":1153,"url":"https:\/\/humananova.org\/wp-content\/uploads\/2025\/10\/564636498_1232597465574443_5155877245320022056_n.jpg","type":"image\/jpeg"}],"twitter_card":"summary_large_image","twitter_misc":{"Est. reading time":"8 minutes"},"schema":{"@context":"https:\/\/schema.org","@graph":[{"@type":"WebPage","@id":"https:\/\/humananova.org\/novosti-i-blog\/","url":"https:\/\/humananova.org\/novosti-i-blog\/","name":"Novosti i blog - Humana Nova","isPartOf":{"@id":"https:\/\/humananova.org\/#website"},"primaryImageOfPage":{"@id":"https:\/\/humananova.org\/novosti-i-blog\/#primaryimage"},"image":{"@id":"https:\/\/humananova.org\/novosti-i-blog\/#primaryimage"},"thumbnailUrl":"https:\/\/humananova.org\/wp-content\/uploads\/2025\/10\/564636498_1232597465574443_5155877245320022056_n-1024x577.jpg","datePublished":"2025-04-28T06:33:42+00:00","dateModified":"2025-10-29T08:22:52+00:00","description":"Follow Humana Nova's news and blog for updates on social entrepreneurship, sustainability, circular economy, and social inclusion.","breadcrumb":{"@id":"https:\/\/humananova.org\/novosti-i-blog\/#breadcrumb"},"inLanguage":"en-US","potentialAction":[{"@type":"ReadAction","target":["https:\/\/humananova.org\/novosti-i-blog\/"]}]},{"@type":"ImageObject","inLanguage":"en-US","@id":"https:\/\/humananova.org\/novosti-i-blog\/#primaryimage","url":"https:\/\/humananova.org\/wp-content\/uploads\/2025\/10\/564636498_1232597465574443_5155877245320022056_n-1024x577.jpg","contentUrl":"https:\/\/humananova.org\/wp-content\/uploads\/2025\/10\/564636498_1232597465574443_5155877245320022056_n-1024x577.jpg"},{"@type":"BreadcrumbList","@id":"https:\/\/humananova.org\/novosti-i-blog\/#breadcrumb","itemListElement":[{"@type":"ListItem","position":1,"name":"Po\u010detna stranica","item":"https:\/\/humananova.org\/"},{"@type":"ListItem","position":2,"name":"Novosti i blog"}]},{"@type":"WebSite","@id":"https:\/\/humananova.org\/#website","url":"https:\/\/humananova.org\/","name":"Humananova","description":"","publisher":{"@id":"https:\/\/humananova.org\/#organization"},"potentialAction":[{"@type":"SearchAction","target":{"@type":"EntryPoint","urlTemplate":"https:\/\/humananova.org\/?s={search_term_string}"},"query-input":{"@type":"PropertyValueSpecification","valueRequired":true,"valueName":"search_term_string"}}],"inLanguage":"en-US"},{"@type":"Organization","@id":"https:\/\/humananova.org\/#organization","name":"Humananova","url":"https:\/\/humananova.org\/","logo":{"@type":"ImageObject","inLanguage":"en-US","@id":"https:\/\/humananova.org\/#\/schema\/logo\/image\/","url":"https:\/\/humananova.org\/wp-content\/uploads\/2024\/01\/logo.png","contentUrl":"https:\/\/humananova.org\/wp-content\/uploads\/2024\/01\/logo.png","width":609,"height":81,"caption":"Humananova"},"image":{"@id":"https:\/\/humananova.org\/#\/schema\/logo\/image\/"},"sameAs":["https:\/\/www.facebook.com\/humana.nova\/?locale=hr_HR","https:\/\/www.instagram.com\/humananova\/"]}]}},"_links":{"self":[{"href":"https:\/\/humananova.org\/en\/wp-json\/wp\/v2\/pages\/19374","targetHints":{"allow":["GET"]}}],"collection":[{"href":"https:\/\/humananova.org\/en\/wp-json\/wp\/v2\/pages"}],"about":[{"href":"https:\/\/humananova.org\/en\/wp-json\/wp\/v2\/types\/page"}],"author":[{"embeddable":true,"href":"https:\/\/humananova.org\/en\/wp-json\/wp\/v2\/users\/1"}],"replies":[{"embeddable":true,"href":"https:\/\/humananova.org\/en\/wp-json\/wp\/v2\/comments?post=19374"}],"version-history":[{"count":91,"href":"https:\/\/humananova.org\/en\/wp-json\/wp\/v2\/pages\/19374\/revisions"}],"predecessor-version":[{"id":21921,"href":"https:\/\/humananova.org\/en\/wp-json\/wp\/v2\/pages\/19374\/revisions\/21921"}],"wp:attachment":[{"href":"https:\/\/humananova.org\/en\/wp-json\/wp\/v2\/media?parent=19374"}],"curies":[{"name":"wp","href":"https:\/\/api.w.org\/{rel}","templated":true}]}}